{"id":2532,"date":"2020-12-22T08:38:05","date_gmt":"2020-12-22T07:38:05","guid":{"rendered":"https:\/\/www.santamariaorazione.it\/wordpress\/?page_id=2532"},"modified":"2021-01-16T14:35:40","modified_gmt":"2021-01-16T13:35:40","slug":"natale-2020-commenti-liturgia-del-giorno","status":"publish","type":"page","link":"https:\/\/www.santamariaorazione.it\/wordpress\/natale-2020-commenti-liturgia-del-giorno\/","title":{"rendered":"Natale 2020: Commenti di Don Franco alla Liturgia del giorno"},"content":{"rendered":"<p>[vc_row][vc_column][vc_column_text]Anche in questo tempo di Natale, il Parroco Don Franco cercher\u00e0 di raggiungere tutti i parrocchiani e i fedeli nelle loro case, dando loro una parola quotidiana sulla liturgia del giorno.<\/p>\n<p><em>Ges\u00f9 Bambino \u00e8 la luce che illumina ogni uomo. La Parola di Dio, gli annunci di salvezza dei Vangeli sono la stella, la luce nuova che ci porta ad adorare il Salvatore<\/em>. <strong>Clicca su &#8220;<em>play<\/em>&#8221; per ascoltare:<\/strong>[\/vc_column_text][vc_empty_space][vc_column_text]<a name=\"oggi\"><\/a>[\/vc_column_text][\/vc_column][\/vc_row][vc_row][vc_column width=&#8221;1\/4&#8243; css=&#8221;.vc_custom_1584543294904{margin-bottom: 30px !important;padding-top: 30px !important;padding-right: 20px !important;padding-left: 20px !important;background-color: #388eaf !important;}&#8221;][vc_column_text]<\/p>\n<h3><span style=\"color: #ffffff;\"><strong>10 gennaio 2021<br \/>\nBattesimo del Signore<\/strong><\/span><\/h3>\n<p>[\/vc_column_text][\/vc_column][vc_column width=&#8221;3\/4&#8243;][vc_column_text]<\/p>\n<h3 style=\"text-align: center;\"><span style=\"color: #3d94b2;\">Discorso di Don Franco &#8220;Memorie di un tempo di grazia&#8221;<\/span><\/h3>\n<p style=\"text-align: center;\">        \r\n    <div>\r\n        <div id=\"h5ap6a97fdbf0a44e\" class=\"h5ap_standard_player\" style='width:100%;margin:0 auto;max-width: 100%;'>\r\n            <audio class=\"player\" playsinline  >\r\n                <source src=\"https:\/\/www.santamariaorazione.it\/wordpress\/wp-content\/uploads\/2021\/01\/WhatsApp-Audio-2021-01-09-at-10.31.21.mp3\"  type=\"audio\/mp3\" \/>\r\n            <\/audio>\r\n        <\/div>\r\n    <\/div>\n<p>[\/vc_column_text][vc_column_text]<\/p>\n<h3 style=\"text-align: center;\"><span style=\"color: #3d94b2;\">Omelia di Don Franco per la solennit\u00e0 del Battesimo del Signore<\/span><\/h3>\n<p style=\"text-align: center;\">        \r\n    <div>\r\n        <div id=\"h5ap6a97fdbf0a93d\" class=\"h5ap_standard_player\" style='width:100%;margin:0 auto;max-width: 100%;'>\r\n            <audio class=\"player\" playsinline  >\r\n                <source src=\"https:\/\/www.santamariaorazione.it\/wordpress\/wp-content\/uploads\/2021\/01\/WhatsApp-Audio-2021-01-09-at-10.31.47.mp3\"  type=\"audio\/mp3\" \/>\r\n            <\/audio>\r\n        <\/div>\r\n    <\/div>\n<p>[\/vc_column_text][\/vc_column][\/vc_row][vc_row][vc_column][vc_separator][\/vc_column][\/vc_row][vc_row][vc_column width=&#8221;1\/4&#8243; css=&#8221;.vc_custom_1584543294904{margin-bottom: 30px !important;padding-top: 30px !important;padding-right: 20px !important;padding-left: 20px !important;background-color: #388eaf !important;}&#8221;][vc_column_text]<\/p>\n<h3><span style=\"color: #ffffff;\"><strong>6 gennaio 2021<br \/>\nEpifania<\/strong><\/span><\/h3>\n<p>[\/vc_column_text][\/vc_column][vc_column width=&#8221;3\/4&#8243;][vc_column_text]<\/p>\n<h3 style=\"text-align: center;\"><span style=\"color: #3d94b2;\">Discorso di Don Franco ai bambini per prepararsi per l&#8217;arrivo dei Re Magi<\/span><\/h3>\n<p style=\"text-align: center;\">        \r\n    <div>\r\n        <div id=\"h5ap6a97fdbf0ad48\" class=\"h5ap_standard_player\" style='width:100%;margin:0 auto;max-width: 100%;'>\r\n            <audio class=\"player\" playsinline  >\r\n                <source src=\"https:\/\/www.santamariaorazione.it\/wordpress\/wp-content\/uploads\/2021\/01\/WhatsApp-Audio-2021-01-10-at-15.22.20.mp3\"  type=\"audio\/mp3\" \/>\r\n            <\/audio>\r\n        <\/div>\r\n    <\/div>\n<p>[\/vc_column_text][vc_column_text]<\/p>\n<h3 style=\"text-align: center;\"><span style=\"color: #3d94b2;\">Omelia di Don Franco per la solennit\u00e0 dell&#8217;Epifania<\/span><\/h3>\n<p style=\"text-align: center;\">        \r\n    <div>\r\n        <div id=\"h5ap6a97fdbf0b173\" class=\"h5ap_standard_player\" style='width:100%;margin:0 auto;max-width: 100%;'>\r\n            <audio class=\"player\" playsinline  >\r\n                <source src=\"https:\/\/www.santamariaorazione.it\/wordpress\/wp-content\/uploads\/2021\/01\/WhatsApp-Audio-2021-01-05-at-16.57.18.mp3\"  type=\"audio\/mp3\" \/>\r\n            <\/audio>\r\n        <\/div>\r\n    <\/div>\n<p>[\/vc_column_text][\/vc_column][\/vc_row][vc_row][vc_column][vc_separator][\/vc_column][\/vc_row][vc_row][vc_column width=&#8221;1\/4&#8243; css=&#8221;.vc_custom_1584543294904{margin-bottom: 30px !important;padding-top: 30px !important;padding-right: 20px !important;padding-left: 20px !important;background-color: #388eaf !important;}&#8221;][vc_column_text]<\/p>\n<h3><span style=\"color: #ffffff;\"><strong>4 gennaio 2021<\/strong><\/span><\/h3>\n<p>[\/vc_column_text][\/vc_column][vc_column width=&#8221;3\/4&#8243;][vc_column_text]<\/p>\n<h3 style=\"text-align: center;\"><span style=\"color: #3d94b2;\">Commento alla Liturgia del giorno<\/span><\/h3>\n<p style=\"text-align: center;\">        \r\n    <div>\r\n        <div id=\"h5ap6a97fdbf0b614\" class=\"h5ap_standard_player\" style='width:100%;margin:0 auto;max-width: 100%;'>\r\n            <audio class=\"player\" playsinline  >\r\n                <source src=\"https:\/\/www.santamariaorazione.it\/wordpress\/wp-content\/uploads\/2021\/01\/mix_11m50s-audio-joiner.com_.mp3\"  type=\"audio\/mp3\" \/>\r\n            <\/audio>\r\n        <\/div>\r\n    <\/div>\n<p>[\/vc_column_text][vc_column_text]<\/p>\n<h3 style=\"text-align: center;\"><span style=\"color: #3d94b2;\">Intenzione di preghiera per il 2021<\/span><\/h3>\n<p style=\"text-align: center;\">        \r\n    <div>\r\n        <div id=\"h5ap6a97fdbf0bacb\" class=\"h5ap_standard_player\" style='width:100%;margin:0 auto;max-width: 100%;'>\r\n            <audio class=\"player\" playsinline  >\r\n                <source src=\"https:\/\/www.santamariaorazione.it\/wordpress\/wp-content\/uploads\/2021\/01\/WhatsApp-Audio-2021-01-03-at-15.50.49.mp3\"  type=\"audio\/mp3\" \/>\r\n            <\/audio>\r\n        <\/div>\r\n    <\/div>\n<p>[\/vc_column_text][\/vc_column][\/vc_row][vc_row][vc_column][vc_separator][\/vc_column][\/vc_row][vc_row][vc_column width=&#8221;1\/4&#8243; css=&#8221;.vc_custom_1584543294904{margin-bottom: 30px !important;padding-top: 30px !important;padding-right: 20px !important;padding-left: 20px !important;background-color: #388eaf !important;}&#8221;][vc_column_text]<\/p>\n<h3><span style=\"color: #ffffff;\"><strong>1 gennaio 2021<\/strong><\/span><\/h3>\n<p>[\/vc_column_text][\/vc_column][vc_column width=&#8221;3\/4&#8243;][vc_column_text]<\/p>\n<h3 style=\"text-align: center;\"><span style=\"color: #3d94b2;\">Omelia per la solennit\u00e0 di<br \/>\n&#8220;Maria Santissima Madre di Dio&#8221;<\/span><\/h3>\n<p style=\"text-align: center;\">        \r\n    <div>\r\n        <div id=\"h5ap6a97fdbf0bfd0\" class=\"h5ap_standard_player\" style='width:100%;margin:0 auto;max-width: 100%;'>\r\n            <audio class=\"player\" playsinline  >\r\n                <source src=\"https:\/\/www.santamariaorazione.it\/wordpress\/wp-content\/uploads\/2020\/12\/mix_15m24s-audio-joiner.com_.mp3\"  type=\"audio\/mp3\" \/>\r\n            <\/audio>\r\n        <\/div>\r\n    <\/div>\n<p>[\/vc_column_text][\/vc_column][\/vc_row][vc_row][vc_column][vc_separator][\/vc_column][\/vc_row][vc_row][vc_column width=&#8221;1\/4&#8243; css=&#8221;.vc_custom_1584543294904{margin-bottom: 30px !important;padding-top: 30px !important;padding-right: 20px !important;padding-left: 20px !important;background-color: #388eaf !important;}&#8221;][vc_column_text]<\/p>\n<h3><span style=\"color: #ffffff;\"><strong>27 dicembre 2020<\/strong><\/span><\/h3>\n<p>[\/vc_column_text][\/vc_column][vc_column width=&#8221;3\/4&#8243;][vc_column_text]<\/p>\n<h3 style=\"text-align: center;\"><span style=\"color: #3d94b2;\">Commento alla Liturgia del giorno<br \/>\n&#8220;Solennit\u00e0 della Sacra Famiglia&#8221;<\/span><\/h3>\n<p style=\"text-align: center;\">        \r\n    <div>\r\n        <div id=\"h5ap6a97fdbf0c4ac\" class=\"h5ap_standard_player\" style='width:100%;margin:0 auto;max-width: 100%;'>\r\n            <audio class=\"player\" playsinline  >\r\n                <source src=\"https:\/\/www.santamariaorazione.it\/wordpress\/wp-content\/uploads\/2020\/12\/WhatsApp-Audio-2020-12-27-at-21.19.40.mp3\"  type=\"audio\/mp3\" \/>\r\n            <\/audio>\r\n        <\/div>\r\n    <\/div>\n<p>[\/vc_column_text][\/vc_column][\/vc_row][vc_row][vc_column][vc_separator][\/vc_column][\/vc_row][vc_row][vc_column width=&#8221;1\/4&#8243; css=&#8221;.vc_custom_1584543294904{margin-bottom: 30px !important;padding-top: 30px !important;padding-right: 20px !important;padding-left: 20px !important;background-color: #388eaf !important;}&#8221;][vc_column_text]<\/p>\n<h3><span style=\"color: #ffffff;\"><strong>25 dicembre 2020<\/strong><\/span><\/h3>\n<p>[\/vc_column_text][\/vc_column][vc_column width=&#8221;3\/4&#8243;][vc_column_text]<\/p>\n<h2 style=\"font-weight: 400;\">&#8220;<em>Per noi e per la nostra salvezza discese dal cielo, e per opera dello Spirito Santo si \u00e8 incarnato nel seno della Vergine Maria e si \u00e8 fatto uomo<\/em>&#8220;.<\/h2>\n<h2 style=\"font-weight: 400;\"><strong>Oggi saprete che il Signore viene: col nuovo giorno vedrete la sua gloria.<\/strong><\/h2>\n<p style=\"font-weight: 400;\">Carissimi fratelli e sorelle,<\/p>\n<p style=\"font-weight: 400;\">qualche giorno un pap\u00e0 mi ha telefonato: &#8220;Se non vede mia figlia a catechismo \u00e8 perch\u00e8 siamo in quarantena per il Covid, non finisce mai, pregate tanto per noi&#8221;.<\/p>\n<p>Mi \u00e8 venuto spontaneo farmi passare al telefono la bambina, parlarle e benedirla. Questo fatto \u00e8 una grande grazia che ho ricevuto in questi giorni in cui sono tutto proteso a preparare il Santo Natale per la nostra parrocchia. Mi domandavo: &#8220;In questa notte oscura della pandemia, non del Covid, ma del peccato e della morte che \u00e8 entrata nel mondo per l&#8217;invidia del demonio, chi ci liberer\u00e0 da tutti i mali fisici e spirituali che ci affliggono. Chi aprir\u00e0 i cieli a tanti anziani, comunque sia, vicini alla morte anche solo per l&#8217;et\u00e0 che hanno; chi li aiuter\u00e0 a vedere il Signore che viene e li accompagner\u00e0 all&#8217;incontro con Lui?&#8221;.<\/p>\n<p>Chi aiuter\u00e0 tanti padri e madri, famiglie smarrite, a vedere i cieli aperti? Chi aiuter\u00e0 tanti bambini, piccoli agnellini traumatizzati con certi occhi fissi in cerca di affetti, dolcezza, sicurezza e gioia? Chi aiuter\u00e0 tanti ragazzi e ragazze esplosivi, che di per s\u00e8 non devono inventarsi continuamente in cose nuove e belle e invece sono costretti a menzogne ignobili di false libert\u00e0, falsi miti e falsi paradisi che non esistono? Chi li aiuter\u00e0 a conoscere la santit\u00e0 delle loro persone, della loro sessualit\u00e0 e dei loro corpi? Chi li protegger\u00e0 da ignobili falsit\u00e0 dell&#8217;ideologia gender e dalle mortifere proposte di morte (Ru486&#8230;)?<\/p>\n<p>Tante volte in questo nostro mondo cos\u00ec avanzato, si vedono le molteplici facce di societ\u00e0 e mondi malati, perch\u00e9 nel cuore dell&#8217;uomo non c&#8217;\u00e8 Dio. Non c&#8217;\u00e8 l&#8217;amore. <strong>Dio \u00e8 l&#8217;amore.<\/strong><\/p>\n<p>Quando sento parlare di rischio zero per prevenire, o di tolleranza zero per i crimini che si fanno, mi viene da fare una constatazione. Ma se nel mondo il peccato, l&#8217;ingiustizia e la morte stanno gi\u00e0 dappertutto, chi far\u00e0 nuove tutte le cose? Chi ci salver\u00e0? La salvezza che io ho conosciuto \u00e8 <strong>L&#8217;AMORE INFINITO. S\u00cc, SOLO L&#8217;AMORE INFINITO SALVA E FA NUOVE TUTTE LE COSE. DIO \u00c8 L&#8217;AMORE INFINITO. ECCO LA NOTTE SANTA. <\/strong>Nell&#8217;ora pi\u00f9 buia della notte appare Ges\u00f9, la luce che illumina ogni uomo. Appare l&#8217;amore infinito. Avvolto nelle fasce della debolezza umana e deposto in una mangiatoia. Questo &#8220;amore del mio amore&#8221;, questo bambinello sar\u00e0 il mite agnello che sul legno della croce con la sua morte distrugger\u00e0 la morte, con la giustizia giustificher\u00e0 tutti noi. Dal sepolcro risusciter\u00e0 e avvolger\u00e0 l&#8217;umanit\u00e0 di santit\u00e0 e grazia.<\/p>\n<p>Cari fratelli e sorelle, vi esorto a fare memoria di ogni volta che vi \u00e8 stato annunziato &#8220;Dio ti ama! Sono perdonati i tuoi peccati! Amatevi come io vi ho amato&#8221;. Lo Spirito Santo desidera che noi ci riuniamo. Ricordatevi di quegli annunci che vi hanno cambiato la vita, di quelle confessioni che vi hanno fatto rinascere, di quel pane della vita che \u00e8 il corpo di Cristo, farmaco di vita eterna. Questo Natale, Dio vuole che ci riuniamo, che ci amiamo, che ci perdoniamo, perch\u00e9 solo cos\u00ec si manifesta cosa \u00e8 Ges\u00f9: \u00e8 l&#8217;amore gli uni per gli altri, Ges\u00f9 \u00e8 la vita eterna.<\/p>\n<p>Anche in questa situazione cos\u00ec improvvisa vi prego di nutrirvi della mensa eucaristica in qualche parrocchia vicina, nelle famiglie riunitevi, gioite, amatevi e aiutatevi. Genitori, figli e famigliari tutti, catechizzatevi a vicenda, perch\u00e9 solo nelle relazioni d&#8217;amore sono i doni generatori della vita e della fede.<\/p>\n<p>A me resta solo contemplare la Santa Famiglia di Nazareth, le tantissime pecorelle del mio presepe, il calice della Vita. Contemplo il bambino adagiato nella mangiatoia e Ges\u00f9 crocifisso sulla croce.<\/p>\n<p>Pregate per noi, vi voglio bene e vi benedico. Don Franco[\/vc_column_text][\/vc_column][\/vc_row][vc_row][vc_column][vc_separator][\/vc_column][\/vc_row][vc_row][vc_column width=&#8221;1\/4&#8243; css=&#8221;.vc_custom_1584543294904{margin-bottom: 30px !important;padding-top: 30px !important;padding-right: 20px !important;padding-left: 20px !important;background-color: #388eaf !important;}&#8221;][vc_column_text]<\/p>\n<h3><span style=\"color: #ffffff;\"><strong>24 dicembre 2020<\/strong><\/span><\/h3>\n<p>[\/vc_column_text][\/vc_column][vc_column width=&#8221;3\/4&#8243;][vc_column_text]<\/p>\n<h2 style=\"font-weight: 400;\">Carissimi fratelli e sorelle,<\/h2>\n<p style=\"font-weight: 400;\">il tampone fatto nei giorni precedenti ha confermato la positivit\u00e0 al COVID-19 mia e di don Claudio. Don Scipione \u00e8 invece negativo.<br \/>\nStiamo bene e, con l&#8217;aiuto di Dio, continuiamo l&#8217;isolamento in casa.<\/p>\n<p style=\"font-weight: 400;\">Dopo un grande combattimento sull&#8217;organizzazione della Santa Messa in questo periodo di festa e nonostante abbia trovato un sacerdote disponibile a sostituirci, con dolore ho deciso di lasciare la chiesa chiusa in attesa di poter predisporre una sanificazione generale e completa nei prossimi giorni, che vi incoraggi a tornare in parrocchia in totale sicurezza.<\/p>\n<p style=\"font-weight: 400;\">Pubblicheremo eventuali avvisi o aggiornamenti sul sito della parrocchia.<\/p>\n<p style=\"font-weight: 400;\">Continuiamo a pregare gli uni per gli altri.<\/p>\n<p style=\"font-weight: 400;\">Don Franco<\/p>\n<p>[\/vc_column_text][\/vc_column][\/vc_row][vc_row][vc_column][vc_separator][\/vc_column][\/vc_row][vc_row][vc_column width=&#8221;1\/4&#8243; css=&#8221;.vc_custom_1584543294904{margin-bottom: 30px !important;padding-top: 30px !important;padding-right: 20px !important;padding-left: 20px !important;background-color: #388eaf !important;}&#8221;][vc_column_text]<\/p>\n<h3><span style=\"color: #ffffff;\"><strong>21 dicembre 2020<\/strong><\/span><\/h3>\n<p>[\/vc_column_text][\/vc_column][vc_column width=&#8221;3\/4&#8243;][vc_column_text]<\/p>\n<h2 style=\"font-weight: 400;\">Carissimi parrocchiani,<\/h2>\n<p style=\"font-weight: 400;\">sabato pomeriggio ho avuto febbre e sintomi influenzali. Per prudenza \u00a0mi sono messo in isolamento e da sabato pomeriggio non ho celebrato la Santa Messa. Stamattina, 21 dicembre, ho fatto il tampone molecolare e sono in attesa dei risultati. Da ieri non ho pi\u00f9 febbre, tuttavia ritengo opportuno sospendere tutte le attivit\u00e0 parrocchiali, pastorali e anche le Sante Messe.<\/p>\n<p style=\"font-weight: 400;\">Per escludere pericoli per tutta la comunit\u00e0 parrocchiale, ritengo opportuno che anche gli altri sacerdoti, don Claudio e don Scipione, facciano altrettanto.<\/p>\n<p style=\"font-weight: 400;\">Per poter assicurare almeno le celebrazioni della Vigilia di Natale il 24 pomeriggio e la Nativit\u00e0 di Nostro Signore Ges\u00f9 Cristo il 25 dicembre, faremo di tutto per trovare sacerdoti che possano sostituirci.<\/p>\n<p style=\"font-weight: 400;\">Oggi ho avvisato il nostro Vescovo di settore che ci assicura la sua preghiera e una benedizione per tutta la nostra comunit\u00e0 parrocchiale.<\/p>\n<p style=\"font-weight: 400;\">Pubblicheremo eventuali aggiornamenti sul sito della parrocchia\u00a0dove avrete anche nostre notizie.<\/p>\n<p style=\"font-weight: 400;\">Un abbraccio a tutti voi, preghiamo gli uni per gli altri.<\/p>\n<p>Don Franco[\/vc_column_text][\/vc_column][\/vc_row][vc_row][vc_column][vc_separator][\/vc_column][\/vc_row]<\/p>\n","protected":false},"excerpt":{"rendered":"<p>[vc_row][vc_column][vc_column_text]Anche in questo tempo di Natale, il Parroco Don Franco cercher\u00e0 di raggiungere tutti i parrocchiani e i fedeli nelle loro case, dando loro una parola quotidiana sulla liturgia del giorno. Ges\u00f9 Bambino \u00e8 la luce che illumina ogni uomo. La Parola di Dio, gli annunci di salvezza dei Vangeli sono la stella, la luce &#8230; <a title=\"Natale 2020: Commenti di Don Franco alla Liturgia del giorno\" class=\"read-more\" href=\"https:\/\/www.santamariaorazione.it\/wordpress\/natale-2020-commenti-liturgia-del-giorno\/\" aria-label=\"Leggi di pi\u00f9 su Natale 2020: Commenti di Don Franco alla Liturgia del giorno\">Leggi tutto<\/a><\/p>\n","protected":false},"author":2,"featured_media":0,"parent":0,"menu_order":0,"comment_status":"closed","ping_status":"closed","template":"","meta":{"footnotes":""},"yoast_head":"<!-- This site is optimized with the Yoast SEO plugin v19.12 - https:\/\/yoast.com\/wordpress\/plugins\/seo\/ -->\n<title>Natale 2020: Commenti di Don Franco alla Liturgia del giorno<\/title>\n<meta name=\"description\" content=\"Anche in questo tempo di Natale, il Parroco Don Franco cercher\u00e0 di garantire ai parrocchiani una parola quotidiana sulla liturgia del giorno.\" \/>\n<meta name=\"robots\" content=\"index, follow, max-snippet:-1, max-image-preview:large, max-video-preview:-1\" \/>\n<link rel=\"canonical\" href=\"https:\/\/www.santamariaorazione.it\/wordpress\/natale-2020-commenti-liturgia-del-giorno\/\" \/>\n<meta property=\"og:locale\" content=\"it_IT\" \/>\n<meta property=\"og:type\" content=\"article\" \/>\n<meta property=\"og:title\" content=\"Natale 2020: Commenti di Don Franco alla Liturgia del giorno\" \/>\n<meta property=\"og:description\" content=\"Anche in questo tempo di Natale, il Parroco Don Franco cercher\u00e0 di garantire ai parrocchiani una parola quotidiana sulla liturgia del giorno.\" \/>\n<meta property=\"og:url\" content=\"https:\/\/www.santamariaorazione.it\/wordpress\/natale-2020-commenti-liturgia-del-giorno\/\" \/>\n<meta property=\"og:site_name\" content=\"Parrocchia S.M. dell&#039;Orazione a Setteville Nord-Marco Simone\" \/>\n<meta property=\"article:modified_time\" content=\"2021-01-16T13:35:40+00:00\" \/>\n<meta property=\"og:image\" content=\"https:\/\/www.santamariaorazione.it\/wordpress\/wp-content\/uploads\/2015\/06\/Foto_Infiorata_2014_72.jpg\" \/>\n\t<meta property=\"og:image:width\" content=\"1024\" \/>\n\t<meta property=\"og:image:height\" content=\"575\" \/>\n\t<meta property=\"og:image:type\" content=\"image\/jpeg\" \/>\n<meta name=\"twitter:label1\" content=\"Tempo di lettura stimato\" \/>\n\t<meta name=\"twitter:data1\" content=\"8 minuti\" \/>\n<script type=\"application\/ld+json\" class=\"yoast-schema-graph\">{\"@context\":\"https:\/\/schema.org\",\"@graph\":[{\"@type\":\"WebPage\",\"@id\":\"https:\/\/www.santamariaorazione.it\/wordpress\/natale-2020-commenti-liturgia-del-giorno\/\",\"url\":\"https:\/\/www.santamariaorazione.it\/wordpress\/natale-2020-commenti-liturgia-del-giorno\/\",\"name\":\"Natale 2020: Commenti di Don Franco alla Liturgia del giorno\",\"isPartOf\":{\"@id\":\"https:\/\/www.santamariaorazione.it\/wordpress\/#website\"},\"datePublished\":\"2020-12-22T07:38:05+00:00\",\"dateModified\":\"2021-01-16T13:35:40+00:00\",\"description\":\"Anche in questo tempo di Natale, il Parroco Don Franco cercher\u00e0 di garantire ai parrocchiani una parola quotidiana sulla liturgia del giorno.\",\"breadcrumb\":{\"@id\":\"https:\/\/www.santamariaorazione.it\/wordpress\/natale-2020-commenti-liturgia-del-giorno\/#breadcrumb\"},\"inLanguage\":\"it-IT\",\"potentialAction\":[{\"@type\":\"ReadAction\",\"target\":[\"https:\/\/www.santamariaorazione.it\/wordpress\/natale-2020-commenti-liturgia-del-giorno\/\"]}]},{\"@type\":\"BreadcrumbList\",\"@id\":\"https:\/\/www.santamariaorazione.it\/wordpress\/natale-2020-commenti-liturgia-del-giorno\/#breadcrumb\",\"itemListElement\":[{\"@type\":\"ListItem\",\"position\":1,\"name\":\"Home\",\"item\":\"https:\/\/www.santamariaorazione.it\/wordpress\/\"},{\"@type\":\"ListItem\",\"position\":2,\"name\":\"Natale 2020: Commenti di Don Franco alla Liturgia del giorno\"}]},{\"@type\":\"WebSite\",\"@id\":\"https:\/\/www.santamariaorazione.it\/wordpress\/#website\",\"url\":\"https:\/\/www.santamariaorazione.it\/wordpress\/\",\"name\":\"Parrocchia S.M. dell&#039;Orazione a Setteville Nord-Marco Simone\",\"description\":\"\",\"publisher\":{\"@id\":\"https:\/\/www.santamariaorazione.it\/wordpress\/#organization\"},\"potentialAction\":[{\"@type\":\"SearchAction\",\"target\":{\"@type\":\"EntryPoint\",\"urlTemplate\":\"https:\/\/www.santamariaorazione.it\/wordpress\/?s={search_term_string}\"},\"query-input\":\"required name=search_term_string\"}],\"inLanguage\":\"it-IT\"},{\"@type\":\"Organization\",\"@id\":\"https:\/\/www.santamariaorazione.it\/wordpress\/#organization\",\"name\":\"Parrocchia S.M. dell&#039;Orazione a Setteville Nord-Marco Simone\",\"url\":\"https:\/\/www.santamariaorazione.it\/wordpress\/\",\"logo\":{\"@type\":\"ImageObject\",\"inLanguage\":\"it-IT\",\"@id\":\"https:\/\/www.santamariaorazione.it\/wordpress\/#\/schema\/logo\/image\/\",\"url\":\"https:\/\/www.santamariaorazione.it\/wordpress\/wp-content\/uploads\/2023\/09\/cropped-logo-nuovo-SMO-blu1.png\",\"contentUrl\":\"https:\/\/www.santamariaorazione.it\/wordpress\/wp-content\/uploads\/2023\/09\/cropped-logo-nuovo-SMO-blu1.png\",\"width\":2181,\"height\":844,\"caption\":\"Parrocchia S.M. dell&#039;Orazione a Setteville Nord-Marco Simone\"},\"image\":{\"@id\":\"https:\/\/www.santamariaorazione.it\/wordpress\/#\/schema\/logo\/image\/\"}}]}<\/script>\n<!-- \/ Yoast SEO plugin. -->","yoast_head_json":{"title":"Natale 2020: Commenti di Don Franco alla Liturgia del giorno","description":"Anche in questo tempo di Natale, il Parroco Don Franco cercher\u00e0 di garantire ai parrocchiani una parola quotidiana sulla liturgia del giorno.","robots":{"index":"index","follow":"follow","max-snippet":"max-snippet:-1","max-image-preview":"max-image-preview:large","max-video-preview":"max-video-preview:-1"},"canonical":"https:\/\/www.santamariaorazione.it\/wordpress\/natale-2020-commenti-liturgia-del-giorno\/","og_locale":"it_IT","og_type":"article","og_title":"Natale 2020: Commenti di Don Franco alla Liturgia del giorno","og_description":"Anche in questo tempo di Natale, il Parroco Don Franco cercher\u00e0 di garantire ai parrocchiani una parola quotidiana sulla liturgia del giorno.","og_url":"https:\/\/www.santamariaorazione.it\/wordpress\/natale-2020-commenti-liturgia-del-giorno\/","og_site_name":"Parrocchia S.M. dell&#039;Orazione a Setteville Nord-Marco Simone","article_modified_time":"2021-01-16T13:35:40+00:00","og_image":[{"width":1024,"height":575,"url":"https:\/\/www.santamariaorazione.it\/wordpress\/wp-content\/uploads\/2015\/06\/Foto_Infiorata_2014_72.jpg","type":"image\/jpeg"}],"twitter_misc":{"Tempo di lettura stimato":"8 minuti"},"schema":{"@context":"https:\/\/schema.org","@graph":[{"@type":"WebPage","@id":"https:\/\/www.santamariaorazione.it\/wordpress\/natale-2020-commenti-liturgia-del-giorno\/","url":"https:\/\/www.santamariaorazione.it\/wordpress\/natale-2020-commenti-liturgia-del-giorno\/","name":"Natale 2020: Commenti di Don Franco alla Liturgia del giorno","isPartOf":{"@id":"https:\/\/www.santamariaorazione.it\/wordpress\/#website"},"datePublished":"2020-12-22T07:38:05+00:00","dateModified":"2021-01-16T13:35:40+00:00","description":"Anche in questo tempo di Natale, il Parroco Don Franco cercher\u00e0 di garantire ai parrocchiani una parola quotidiana sulla liturgia del giorno.","breadcrumb":{"@id":"https:\/\/www.santamariaorazione.it\/wordpress\/natale-2020-commenti-liturgia-del-giorno\/#breadcrumb"},"inLanguage":"it-IT","potentialAction":[{"@type":"ReadAction","target":["https:\/\/www.santamariaorazione.it\/wordpress\/natale-2020-commenti-liturgia-del-giorno\/"]}]},{"@type":"BreadcrumbList","@id":"https:\/\/www.santamariaorazione.it\/wordpress\/natale-2020-commenti-liturgia-del-giorno\/#breadcrumb","itemListElement":[{"@type":"ListItem","position":1,"name":"Home","item":"https:\/\/www.santamariaorazione.it\/wordpress\/"},{"@type":"ListItem","position":2,"name":"Natale 2020: Commenti di Don Franco alla Liturgia del giorno"}]},{"@type":"WebSite","@id":"https:\/\/www.santamariaorazione.it\/wordpress\/#website","url":"https:\/\/www.santamariaorazione.it\/wordpress\/","name":"Parrocchia S.M. dell&#039;Orazione a Setteville Nord-Marco Simone","description":"","publisher":{"@id":"https:\/\/www.santamariaorazione.it\/wordpress\/#organization"},"potentialAction":[{"@type":"SearchAction","target":{"@type":"EntryPoint","urlTemplate":"https:\/\/www.santamariaorazione.it\/wordpress\/?s={search_term_string}"},"query-input":"required name=search_term_string"}],"inLanguage":"it-IT"},{"@type":"Organization","@id":"https:\/\/www.santamariaorazione.it\/wordpress\/#organization","name":"Parrocchia S.M. dell&#039;Orazione a Setteville Nord-Marco Simone","url":"https:\/\/www.santamariaorazione.it\/wordpress\/","logo":{"@type":"ImageObject","inLanguage":"it-IT","@id":"https:\/\/www.santamariaorazione.it\/wordpress\/#\/schema\/logo\/image\/","url":"https:\/\/www.santamariaorazione.it\/wordpress\/wp-content\/uploads\/2023\/09\/cropped-logo-nuovo-SMO-blu1.png","contentUrl":"https:\/\/www.santamariaorazione.it\/wordpress\/wp-content\/uploads\/2023\/09\/cropped-logo-nuovo-SMO-blu1.png","width":2181,"height":844,"caption":"Parrocchia S.M. dell&#039;Orazione a Setteville Nord-Marco Simone"},"image":{"@id":"https:\/\/www.santamariaorazione.it\/wordpress\/#\/schema\/logo\/image\/"}}]}},"_links":{"self":[{"href":"https:\/\/www.santamariaorazione.it\/wordpress\/wp-json\/wp\/v2\/pages\/2532"}],"collection":[{"href":"https:\/\/www.santamariaorazione.it\/wordpress\/wp-json\/wp\/v2\/pages"}],"about":[{"href":"https:\/\/www.santamariaorazione.it\/wordpress\/wp-json\/wp\/v2\/types\/page"}],"author":[{"embeddable":true,"href":"https:\/\/www.santamariaorazione.it\/wordpress\/wp-json\/wp\/v2\/users\/2"}],"replies":[{"embeddable":true,"href":"https:\/\/www.santamariaorazione.it\/wordpress\/wp-json\/wp\/v2\/comments?post=2532"}],"version-history":[{"count":8,"href":"https:\/\/www.santamariaorazione.it\/wordpress\/wp-json\/wp\/v2\/pages\/2532\/revisions"}],"predecessor-version":[{"id":2598,"href":"https:\/\/www.santamariaorazione.it\/wordpress\/wp-json\/wp\/v2\/pages\/2532\/revisions\/2598"}],"wp:attachment":[{"href":"https:\/\/www.santamariaorazione.it\/wordpress\/wp-json\/wp\/v2\/media?parent=2532"}],"curies":[{"name":"wp","href":"https:\/\/api.w.org\/{rel}","templated":true}]}}